{"id":732,"date":"2024-02-16T08:54:12","date_gmt":"2024-02-16T08:54:12","guid":{"rendered":"https:\/\/cemm24.somival.org\/?page_id=732"},"modified":"2024-07-17T13:31:49","modified_gmt":"2024-07-17T13:31:49","slug":"congresoit","status":"publish","type":"page","link":"https:\/\/cemm24.somival.org\/index.php\/congresoit\/","title":{"rendered":"CongresoIT"},"content":{"rendered":"<table style=\"height: 25px; width: 500PX; border-collapse: collapse;\">\n<tbody>\n<tr style=\"height: 30px;\">\n<td style=\"width: 50px; height: 25px; text-align: center; vertical-align: bottom;\"><a href=\"https:\/\/cemm24.somival.org\/index.php\/opcionit\/\"><span style=\"font-size: 19px; color: #008000;\"><strong><span style=\"color: #008000;\">&lt;&lt;&lt;<\/span><\/strong><\/span><\/a><\/td>\n<td style=\"height: 25px; width: 443px; vertical-align: top;\" colspan=\"2\"><span style=\"font-size: 19px;\"><strong><span style=\"color: #993366;\">\u00a0 \u00a0IL CONGRESSO<\/span><\/strong><\/span><\/td>\n<\/tr>\n<\/tbody>\n<\/table>\n<p style=\"text-align: justify;\"><span style=\"font-size: 17px;\"><span style=\"color: #000080; font-family: georgia, palatino;\">Il XXX Congresso della CONFEDERAZIONE EUROPEA DI MICOLOGIA MEDITERRANEA (C.E.M.M. 2024) \u00e8 organizzato dalla Societ\u00e0 Micologica Valenciana (SOMIVAL) membro associato della CEMM.<\/span><\/span><\/p>\n<p style=\"text-align: justify;\"><span style=\"color: #000080; font-family: georgia, palatino; font-size: 17px;\">Il congresso si terr\u00e0 dal 27 ottobre al 2 novembre 2024 a Benic\u00e0ssim (Castell\u00f3n), una piccola citt\u00e0 con una popolazione di 19.951 abitanti, situata a 12 chilometri da Castell\u00f3n e 75 da Valencia dove si pu\u00f2 godere della natura, della montagna e del mare.<\/span><\/p>\n<p style=\"text-align: justify;\"><span style=\"font-size: 17px; color: #000080;\">La raccolta dei taxa \u00e8 prevista in tre Parchi Naturali: il Parco Naturale della Sierra di Espad\u00e1n, il Parco Naturale del Deserto delle Palme e il Parco Naturale di Penyagolosa, aree naturali micologiche di riferimento nella Comunit\u00e0 valenciana di grande interesse per la loro particolare e ricca diversit\u00e0 e che riuniscono la pi\u00f9 grande e pi\u00f9 ricca variet\u00e0 di specie fungine in diverse tipologie di habitat.<\/span><\/p>\n<p style=\"text-align: justify;\"><span style=\"font-size: 17px;\"><span style=\"font-family: georgia, palatino; color: #000080;\">Questo XXX Congresso della CEMM sar\u00e0 un incontro scientifico di livello internazionale, nonch\u00e9 un forum di ricerca, divulgativo e di studio della micobiota dell&#8217;ambiente delle zone di raccolta. Inoltre, e in modo complementare, il XXX Congresso della CEMM valorizzer\u00e0 il ricco patrimonio culturale e storico dei comuni che sono integrati nelle attivit\u00e0 del Congresso<\/span><span style=\"color: #000080;\">.<\/span><\/span><\/p>\n<p style=\"text-align: justify;\"><span style=\"font-family: georgia, palatino; font-size: 17px;\"><strong><span style=\"color: #000080;\"><span style=\"color: #993366;\">&lt;&gt; ALLOGI:<\/span><\/span><\/strong><\/span><\/p>\n<p style=\"text-align: justify;\"><span style=\"color: #000080; font-family: georgia, palatino; font-size: 17px;\">I partecipanti soggiorneranno presso l&#8217; <strong>Hotel Intelier Orange ****<\/strong> vicino alla spiaggia di sabbia fine e dorata di Heliopolis, la spiaggia pi\u00f9 lunga del comune di Benicasim, lunga 3 chilometri, premiata con la Bandiera blu dei mari d&#8217;Europa e la \u00abQ\u00bb di qualit\u00e0 turistica.<\/span><\/p>\n<p><span style=\"font-size: 17px; color: #000080;\">L&#8217;hotel dispone di camere con grande comfort ed \u00e8 dotato di Wi-Fi in tutto l&#8217;edificio e parcheggio esterno gratuito per i congressisti ospitati presso l\u2019hotel .<\/span><\/p>\n<p style=\"text-align: justify;\"><span style=\"color: #000080; font-family: georgia, palatino; font-size: 17px;\"><a href=\"https:\/\/www.intur.com\/hotel-orange-benicasim\/\">Hotel Intelier Orange<\/a> **** Benic\u00e0ssim &#8211; Castell\u00f3n (ESPA\u00d1A)<\/span><br \/>\n<span style=\"font-family: georgia, palatino; font-size: 17px;\"><span style=\"color: #000080;\">Avenida Gimeno Tom\u00e1s, 9<br \/>\n<\/span><span style=\"color: #000080;\">Benic\u00e0ssim &#8211; <\/span><span style=\"color: #000080;\">Castell\u00f3n (ESPA\u00d1A)<br \/>\nTel\u00e9fono: +34 964 394 400 &#8211; Email: orange@intelier.com<\/span><\/span><\/p>\n<p><span style=\"color: #993366; font-family: georgia, palatino; font-size: 17px;\"><strong>&lt;&gt; ORGANIZZAZIONE DEL CONGRESSO:<\/strong><\/span><\/p>\n<p style=\"text-align: justify;\"><span style=\"font-size: 17px; color: #000080;\"><strong><span style=\"font-family: georgia, palatino;\">&lt;&gt; <span style=\"color: #808000;\">Comitato scientifico<\/span><\/span><\/strong><span style=\"font-family: georgia, palatino;\">\u200b<br \/>\nRafael Mahiques Santandreu, Presidente.<br \/>\nAntonio Conca Ferr\u00fas, Coordinador.<br \/>\nJavier Marcos Martinez<br \/>\nSouhila Aouali<br \/>\nMaria Agut Monferrer<br \/>\nFrancisco Tejedor Jord\u00e1n<br \/>\nFrancisco Mart\u00ednez Tolosa<br \/>\n<\/span><\/span><span style=\"font-size: 17px; color: #000080;\"><span style=\"font-family: georgia, palatino;\">C\u00e1ndido Sos Escudero<\/span><span style=\"font-family: georgia, palatino;\"><br \/>\n<\/span><\/span><\/p>\n<p style=\"text-align: justify;\"><span style=\"font-size: 17px;\"><strong><span style=\"color: #000080;\">&lt;&gt; <span style=\"color: #808000;\">Comitato organizzativo<br \/>\n<\/span><\/span><\/strong><span style=\"color: #000080;\">\u200bIgnacio Lerma Montero, Presidente de \u00a0SOMIVAL<\/span><\/span><br \/>\n<span style=\"font-size: 17px; color: #000080;\">Joaqu\u00edn Herrero Conejos<br \/>\nJos\u00e9 Luis Egeda Hern\u00e1ndez<br \/>\n<\/span><span style=\"font-size: 17px; color: #000080;\">Ignacio Tarazona Mart\u00ednez<br \/>\nCarmen Comeche Gin\u00e9s<\/span><br \/>\n<span style=\"font-size: 17px; color: #000080;\">Rafael Mar\u00edn Reina<\/span><br \/>\n<span style=\"font-size: 17px; color: #000080;\">Roberto \u00c1ngel Bermell Meli\u00e1<\/span><\/p>\n<p><span style=\"font-size: 17px;\"><strong><span style=\"font-family: georgia, palatino;\">&lt;&gt;<\/span><span style=\"font-family: georgia, palatino;\"> <span style=\"color: #808000;\">Segreteria congressuale<br \/>\n<\/span><\/span><\/strong><span style=\"color: #000080;\">SOCIEDAD MICOL\u00d3GICA VALENCIANA<br \/>\n<\/span><\/span><span style=\"font-size: 17px; color: #000080;\"><span style=\"color: #808000;\">Email (avvisi e comunicazioni)<\/span>: cemm.somival@gmail.com<br \/>\n<\/span><span style=\"font-size: 17px;\"><span style=\"color: #808000;\">Posta: <span style=\"color: #000080;\">SOCIEDAD MICOL\u00d3GICA VALENCIANA<br \/>\n<\/span><\/span><span style=\"color: #000080;\">calle Corredors n\u00ba 6, bajo, esquina posterior<\/span><\/span><br \/>\n<span style=\"font-size: 17px; color: #000080;\">c\u00f3digo postal 46003 VALENCIA (ESPA\u00d1A)<br \/>\n<\/span><span style=\"font-size: 17px;\"><span style=\"color: #808000;\">Web:<\/span> <a href=\"https:\/\/somival.org\/\">somival.org<\/a><\/span><\/p>\n<p><span style=\"color: #993366; font-family: georgia, palatino; font-size: 17px;\"><strong>&lt;&gt; COLLABORAZIONI:<\/strong><br \/>\n<\/span><\/p>\n<table style=\"height: 10px; width: 78.8143%; border-collapse: collapse;\">\n<tbody>\n<tr style=\"height: 24px;\">\n<td style=\"width: 14.2584%; height: 10px;\"><img loading=\"lazy\" decoding=\"async\" class=\"aligncenter size-full wp-image-1119\" src=\"https:\/\/cemm24.somival.org\/wp-content\/uploads\/2024\/02\/Benicassim1-1.jpg\" alt=\"\" width=\"124\" height=\"50\" \/><\/td>\n<td style=\"width: 14.2584%; height: 10px;\"><img loading=\"lazy\" decoding=\"async\" class=\"aligncenter size-full wp-image-1595\" src=\"https:\/\/cemm24.somival.org\/wp-content\/uploads\/2024\/04\/Diputacion.jpg\" alt=\"\" width=\"124\" height=\"50\" \/><\/td>\n<td style=\"width: 14.2584%; height: 10px;\"><img loading=\"lazy\" decoding=\"async\" class=\"aligncenter size-full wp-image-1120\" src=\"https:\/\/cemm24.somival.org\/wp-content\/uploads\/2024\/02\/Turismo.jpg\" alt=\"\" width=\"113\" height=\"50\" \/><\/td>\n<td style=\"width: 14.2584%; height: 10px;\"><img loading=\"lazy\" decoding=\"async\" class=\"aligncenter size-full wp-image-1118\" src=\"https:\/\/cemm24.somival.org\/wp-content\/uploads\/2024\/02\/Asmicas.jpg\" alt=\"\" width=\"136\" height=\"50\" \/><\/td>\n<td style=\"width: 14.2584%; height: 10px;\"><span style=\"font-family: georgia, palatino;\"><img loading=\"lazy\" decoding=\"async\" class=\"aligncenter size-full wp-image-1597\" src=\"https:\/\/cemm24.somival.org\/wp-content\/uploads\/2024\/04\/Valengest.jpg\" alt=\"\" width=\"110\" height=\"50\" \/><\/span><\/td>\n<td style=\"width: 14.2584%; height: 10px;\"><span style=\"font-family: georgia, palatino;\">\u00a0<\/span><\/td>\n<td style=\"width: 14.2584%; text-align: center; vertical-align: middle; height: 10px;\"><span style=\"font-family: georgia, palatino;\">\u00a0<\/span><\/td>\n<\/tr>\n<\/tbody>\n<\/table>\n","protected":false},"excerpt":{"rendered":"<p>&lt;&lt;&lt; \u00a0 \u00a0IL CONGRESSO Il XXX Congresso della CONFEDERAZIONE EUROPEA DI MICOLOGIA MEDITERRANEA (C.E.M.M. 2024) \u00e8 organizzato dalla Societ\u00e0 Micologica Valenciana (SOMIVAL) membro associato della CEMM. Il congresso si terr\u00e0 dal 27 ottobre al 2 novembre 2024 a Benic\u00e0ssim (Castell\u00f3n), una piccola citt\u00e0 con una popolazione di 19.951 abitanti, situata a 12 chilometri da Castell\u00f3n [&hellip;]<\/p>\n","protected":false},"author":2,"featured_media":0,"parent":0,"menu_order":0,"comment_status":"closed","ping_status":"closed","template":"","meta":{"footnotes":""},"class_list":["post-732","page","type-page","status-publish","hentry","post"],"_links":{"self":[{"href":"https:\/\/cemm24.somival.org\/index.php\/wp-json\/wp\/v2\/pages\/732","targetHints":{"allow":["GET"]}}],"collection":[{"href":"https:\/\/cemm24.somival.org\/index.php\/wp-json\/wp\/v2\/pages"}],"about":[{"href":"https:\/\/cemm24.somival.org\/index.php\/wp-json\/wp\/v2\/types\/page"}],"author":[{"embeddable":true,"href":"https:\/\/cemm24.somival.org\/index.php\/wp-json\/wp\/v2\/users\/2"}],"replies":[{"embeddable":true,"href":"https:\/\/cemm24.somival.org\/index.php\/wp-json\/wp\/v2\/comments?post=732"}],"version-history":[{"count":14,"href":"https:\/\/cemm24.somival.org\/index.php\/wp-json\/wp\/v2\/pages\/732\/revisions"}],"predecessor-version":[{"id":2721,"href":"https:\/\/cemm24.somival.org\/index.php\/wp-json\/wp\/v2\/pages\/732\/revisions\/2721"}],"wp:attachment":[{"href":"https:\/\/cemm24.somival.org\/index.php\/wp-json\/wp\/v2\/media?parent=732"}],"curies":[{"name":"wp","href":"https:\/\/api.w.org\/{rel}","templated":true}]}}